




{"id":44953,"date":"2016-02-10T13:57:54","date_gmt":"2016-02-10T12:57:54","guid":{"rendered":"https:\/\/camptecnologico.com\/inicio\/?page_id=16826"},"modified":"2020-03-23T19:16:13","modified_gmt":"2020-03-23T18:16:13","slug":"campamentos-semana-santa-vitoria-gasteiz","status":"publish","type":"page","link":"https:\/\/camptecnologico.com\/inicio\/campamentos-semana-santa-vitoria-gasteiz\/","title":{"rendered":"Campamentos de Semana Santa 2020 en Vitoria-Gasteiz"},"content":{"rendered":"<script>\r\n    sessionStorage.campus=5730;\r\n<\/script>\r\n\r\n<div class=\"row\">\r\n    <div class=\"threecol column\" align=\"right\"  style=\"margin-bottom: 0px; margin-left: 0px; margin-right: 8px; padding-left: 0px;  padding-right: 0px;\">\r\n        <strong>Nuestros talleres se segmentan en:<\/strong>\r\n    <\/div>\r\n    <div class=\"threecol column\" style=\"margin-bottom: 0px; margin-left: 0px; margin-right: 0px; padding-left: 0px;  padding-right: 0px;\">\r\n        <ul>\r\n           <li> <span class=\"segmento_kid\">&nbsp;Kid: 4\u00ba y 5\u00ba Infantil&nbsp;<\/span><\/li>\r\n           <li> <span class=\"segmento_junior\">&nbsp;Junior: 1\u00ba a 3\u00ba Primaria&nbsp;<\/span><\/li>\r\n        <\/ul>   \r\n    <\/div>\r\n    <div class=\"fourcol column last\" style=\"margin-bottom: 0px; margin-left: 0px; margin-right: 0px; padding-left: 0px;  padding-right: 0px;\">\r\n        <ul>\r\n            <li> <span class=\"segmento_genius\">&nbsp;Genius: 4\u00ba-6\u00ba Primaria y 1\u00ba-3\u00ba ESO&nbsp;<\/span><\/li>\r\n        <\/ul>  \r\n    <\/div>\r\n    <div class=\"clear\"><\/div>\r\n\r\n<hr \/>\r\n\r\n    <center>\r\n        [wpv-view name=\u00bbtalleres-vitoria-coiia-semana-santa-microficha\u00bb]\r\n<!--\r\n         <a href=\"https:\/\/camptecnologico.com\/inicio\/inscripcion\/\" class=\"button large primary\" rel=\"nofollow\">\r\n               <i class=\"fa fa-paper-plane\"><\/i>&nbsp;&nbsp;Calendario e <i class=\"fa fa-paper-plane\" aria-hidden=\"true\"><\/i> Inscripci\u00f3n<\/a>\r\n-->\r\n    <\/center>\r\n<\/div>\r\n\r\n<div class=\"row\">\r\n    <h3 class=\"tituloSeccion\">Informaci\u00f3n General<\/h3>\r\n\t\t\t\t\t\r\n    <div>\r\n        <h3><i class=\"fa fa-map-marker\" aria-hidden=\"true\"><\/i> D\u00f3nde<\/h3>\r\n        <p><spam style=\"font-weight: bold; font-size: 1.2em;\">Colegio Oficial de Ingenieros Industiales de \u00c1lava<\/spam> (Bizkai Kalea, 2, 01006 Vitoria-Gasteiz)&nbsp;\r\n            <a href=\"https:\/\/www.google.com\/maps\/place\/Colegio+De+Ingenieros+Industriales+De+%C3%81lava\/@42.8392085,-2.6744591,15z\/data=!4m5!3m4!1s0x0:0x69f2c8c5670803b6!8m2!3d42.8392085!4d-2.6744591\" target=\"_blanc\" rel=\"nofollow noopener noreferrer\"> mapa<\/a><\/p>\r\n        <p><br \/><\/p>\r\n    <\/div>\r\n\r\n    <div class=\"fourcol column\">\r\n        <h3><i class=\"fa fa-calendar\"><\/i> Fechas<\/h3>\r\n        <ul>\r\n            <li>Del 14 al 17 de Abril (4 d\u00edas).<\/li>\r\n        <\/ul>\r\n        <h3><i class=\"fa fa-clock-o\" aria-hidden=\"true\"><\/i> Horario<\/h3>\r\n        <ul>\r\n            <li>De 9.00 a 14.00 horas (5 horas \/d\u00eda).<\/li>\r\n        <\/ul>            \r\n        <em>Nota: El \u00faltimo d\u00eda, <strong>1 hora de puertas abiertas<\/strong> (13.00 a 14.00), conlas familias que podr\u00e1n ver el trabajo realizado.<\/em>\r\n        \r\n        <h3 style=\"padding-top:10px;\"><i class=\"fa fa-plus-circle\" aria-hidden=\"true\"><\/i> Servicios Adicionales<\/h3>\r\n        <ul>\r\n            <li>Horario ampliado de 08:30 a 14:30: <strong>5\u20ac al d\u00eda<\/strong><\/li>\r\n        <\/ul>\r\n        <em>Nota: No hay posibilidad de d\u00edas sueltos.<\/em>\r\n    <\/div>\r\n\r\n    <div class=\"fourcol column\">\r\n        <h3><i class=\"fa fa-money\" aria-hidden=\"true\"><\/i> Precios<\/h3>\r\n        <p>Descuento Campa\u00f1a 10\u00ba aniversario <br \/>hasta el <strong>22 de marzo<\/strong>.<\/p>\r\n        <h4>Talleres de 4 d\u00edas<\/h4>\r\n        <ul>\r\n            <li>Kids y Junior : <span class=\"tachaprecio\">159\u20ac<\/span> <span class=\"precio\">143\u20ac<\/span><\/li>\r\n            <li>Genius :        <span class=\"tachaprecio\">169\u20ac<\/span> <span class=\"precio\">152\u20ac<\/span><\/li>\r\n        <\/ul>\r\n    <\/div>\r\n\r\n    <div class=\"fourcol column last\">\r\n        <h3><i class=\"fa fa-money\" aria-hidden=\"true\"><\/i> Descuentos adicionales<\/h3>\r\n        <p>(S\u00f3lo se puede disfrutar de uno de ellos)<\/p>\r\n        <ul>\r\n            <li>Antig\u00fco Alumno de CampTecnol\u00f3gico: <span class=\"precio\">-10%<\/span><\/li>\r\n            <li>Plan Gaztedi Kutxabank: <span class=\"precio\">-10%<\/span><\/li>\r\n            <!--<li>Familia numerosa o monoparental: <span class=\"precio\">-5%<\/span>-->\r\n        <\/li><\/ul>\r\n        <h3>y adem\u00e1s &#8230;<\/h3>\r\n        <p>A\u00f1ade todos los que puedas:<\/p>\r\n        <ul>\r\n            <li>Viene con un hermano y\/o amigo: <span class=\"precio\">-5%<\/span><\/li>\r\n            <li>Si traes tu ordenador en Minecraft: <span class=\"precio\">-8\u20ac<\/span><\/li>\r\n        <\/ul>\r\n    <\/div>\r\n    <div class=\"clear\"><\/div>\r\n\r\n    <center>\r\n<!--\r\n        <a href=\"https:\/\/camptecnologico.com\/inicio\/inscripcion\/\" class=\"button large primary\" rel=\"nofollow\">\r\n               <i class=\"fa fa-paper-plane\"><\/i>&nbsp;&nbsp;Calendario e <i class=\"fa fa-paper-plane\" aria-hidden=\"true\"><\/i> Inscripci\u00f3n<\/a>\r\n-->\r\n    <\/center>\r\n<\/div>\r\n\r\n<div class=\"row\">\r\n    <hr \/>\r\n    <p>\r\n        <spam style=\"color:#CC0000;font-weight: bold; font-size: 2.0em;\">AVISO:<\/spam> \r\n        <spam style=\"font-size: 1.7em;\">La realizaci\u00f3n de los talleres esta sujeta a alcanzar un grupo m\u00ednimo de asistentes al turno elegido. \r\n                                        En caso de no ser factible, desde la organizaci\u00f3n les ofreceremos las alternativas existentes.<\/spam>\r\n    <\/p>\r\n<\/div>","protected":false},"excerpt":{"rendered":"Nuestros talleres se segmentan en: &nbsp;Kid: 4\u00ba y 5\u00ba Infantil&nbsp; &nbsp;Junior: 1\u00ba a 3\u00ba Primaria&nbsp; &nbsp;Genius: 4\u00ba-6\u00ba Primaria y 1\u00ba-3\u00ba ESO&nbsp; [wpv-view name=\u00bbtalleres-vitoria-coiia-semana-santa-microficha\u00bb] Informaci\u00f3n General D\u00f3nde Colegio Oficial de Ingenieros Industiales de \u00c1lava (Bizkai Kalea, 2, 01006 Vitoria-Gasteiz)&nbsp; mapa Fechas Del 14 al 17 de Abril (4 d\u00edas). Horario De 9.00 a 14.00 horas (5 [&hellip;]","protected":false},"author":59,"featured_media":16454,"parent":0,"menu_order":0,"comment_status":"closed","ping_status":"closed","template":"","meta":{"footnotes":"","_links_to":"","_links_to_target":""},"class_list":["post-44953","page","type-page","status-publish","has-post-thumbnail","hentry"],"yoast_head":"<!-- This site is optimized with the Yoast SEO plugin v22.6 - https:\/\/yoast.com\/wordpress\/plugins\/seo\/ -->\n<title>Campamentos de Semana Santa 2020 en Vitoria-Gasteiz | Camp Tecnologico<\/title>\n<meta name=\"description\" content=\"Campamentos durante Semana Santa en Vitoria con talleres tecnol\u00f3gicos de Programaci\u00f3n, Rob\u00f3tica, Minecratf y otras disciplinas. De 4 a 17 a\u00f1os. \u00a1Ap\u00fantale!\" \/>\n<meta name=\"robots\" content=\"noindex, follow, max-snippet:-1, max-image-preview:large, max-video-preview:-1\" \/>\n<meta property=\"og:locale\" content=\"es_ES\" \/>\n<meta property=\"og:type\" content=\"article\" \/>\n<meta property=\"og:title\" content=\"Campamentos de Semana Santa 2020 en Vitoria-Gasteiz | Camp Tecnologico\" \/>\n<meta property=\"og:description\" content=\"Campamentos durante Semana Santa en Vitoria con talleres tecnol\u00f3gicos de Programaci\u00f3n, Rob\u00f3tica, Minecratf y otras disciplinas. De 4 a 17 a\u00f1os. \u00a1Ap\u00fantale!\" \/>\n<meta property=\"og:url\" content=\"https:\/\/camptecnologico.com\/inicio\/campamentos-semana-santa-vitoria-gasteiz\/\" \/>\n<meta property=\"og:site_name\" content=\"Camp Tecnologico\" \/>\n<meta property=\"article:publisher\" content=\"https:\/\/www.facebook.com\/camptecnologico\/\" \/>\n<meta property=\"article:modified_time\" content=\"2020-03-23T18:16:13+00:00\" \/>\n<meta property=\"og:image\" content=\"https:\/\/camptecnologico.com\/inicio\/wp-content\/uploads\/2015\/12\/camp-tecnologico-mondrago-robotica.jpg\" \/>\n\t<meta property=\"og:image:width\" content=\"302\" \/>\n\t<meta property=\"og:image:height\" content=\"226\" \/>\n\t<meta property=\"og:image:type\" content=\"image\/jpeg\" \/>\n<meta name=\"twitter:card\" content=\"summary_large_image\" \/>\n<meta name=\"twitter:site\" content=\"@CampTecnologico\" \/>\n<meta name=\"twitter:label1\" content=\"Tiempo de lectura\" \/>\n\t<meta name=\"twitter:data1\" content=\"1 minuto\" \/>\n<!-- \/ Yoast SEO plugin. -->","yoast_head_json":{"title":"Campamentos de Semana Santa 2020 en Vitoria-Gasteiz | Camp Tecnologico","description":"Campamentos durante Semana Santa en Vitoria con talleres tecnol\u00f3gicos de Programaci\u00f3n, Rob\u00f3tica, Minecratf y otras disciplinas. De 4 a 17 a\u00f1os. \u00a1Ap\u00fantale!","robots":{"index":"noindex","follow":"follow","max-snippet":"max-snippet:-1","max-image-preview":"max-image-preview:large","max-video-preview":"max-video-preview:-1"},"og_locale":"es_ES","og_type":"article","og_title":"Campamentos de Semana Santa 2020 en Vitoria-Gasteiz | Camp Tecnologico","og_description":"Campamentos durante Semana Santa en Vitoria con talleres tecnol\u00f3gicos de Programaci\u00f3n, Rob\u00f3tica, Minecratf y otras disciplinas. De 4 a 17 a\u00f1os. \u00a1Ap\u00fantale!","og_url":"https:\/\/camptecnologico.com\/inicio\/campamentos-semana-santa-vitoria-gasteiz\/","og_site_name":"Camp Tecnologico","article_publisher":"https:\/\/www.facebook.com\/camptecnologico\/","article_modified_time":"2020-03-23T18:16:13+00:00","og_image":[{"width":302,"height":226,"url":"https:\/\/camptecnologico.com\/inicio\/wp-content\/uploads\/2015\/12\/camp-tecnologico-mondrago-robotica.jpg","type":"image\/jpeg"}],"twitter_card":"summary_large_image","twitter_site":"@CampTecnologico","twitter_misc":{"Tiempo de lectura":"1 minuto"},"schema":{"@context":"https:\/\/schema.org","@graph":[{"@type":"WebPage","@id":"https:\/\/camptecnologico.com\/inicio\/campamentos-semana-santa-vitoria-gasteiz\/","url":"https:\/\/camptecnologico.com\/inicio\/campamentos-semana-santa-vitoria-gasteiz\/","name":"Campamentos de Semana Santa 2020 en Vitoria-Gasteiz | Camp Tecnologico","isPartOf":{"@id":"https:\/\/camptecnologico.com\/inicio\/#website"},"primaryImageOfPage":{"@id":"https:\/\/camptecnologico.com\/inicio\/campamentos-semana-santa-vitoria-gasteiz\/#primaryimage"},"image":{"@id":"https:\/\/camptecnologico.com\/inicio\/campamentos-semana-santa-vitoria-gasteiz\/#primaryimage"},"thumbnailUrl":"https:\/\/camptecnologico.com\/inicio\/wp-content\/uploads\/2015\/12\/camp-tecnologico-mondrago-robotica.jpg","datePublished":"2016-02-10T12:57:54+00:00","dateModified":"2020-03-23T18:16:13+00:00","description":"Campamentos durante Semana Santa en Vitoria con talleres tecnol\u00f3gicos de Programaci\u00f3n, Rob\u00f3tica, Minecratf y otras disciplinas. De 4 a 17 a\u00f1os. \u00a1Ap\u00fantale!","breadcrumb":{"@id":"https:\/\/camptecnologico.com\/inicio\/campamentos-semana-santa-vitoria-gasteiz\/#breadcrumb"},"inLanguage":"es","potentialAction":[{"@type":"ReadAction","target":["https:\/\/camptecnologico.com\/inicio\/campamentos-semana-santa-vitoria-gasteiz\/"]}]},{"@type":"ImageObject","inLanguage":"es","@id":"https:\/\/camptecnologico.com\/inicio\/campamentos-semana-santa-vitoria-gasteiz\/#primaryimage","url":"https:\/\/camptecnologico.com\/inicio\/wp-content\/uploads\/2015\/12\/camp-tecnologico-mondrago-robotica.jpg","contentUrl":"https:\/\/camptecnologico.com\/inicio\/wp-content\/uploads\/2015\/12\/camp-tecnologico-mondrago-robotica.jpg","width":302,"height":226,"caption":"talleres, tecnologia, robotica, videojuegos, cursos, ninos, ninas, campamentos, camp tecnologico, mondragon, arrasate"},{"@type":"BreadcrumbList","@id":"https:\/\/camptecnologico.com\/inicio\/campamentos-semana-santa-vitoria-gasteiz\/#breadcrumb","itemListElement":[{"@type":"ListItem","position":1,"name":"Home","item":"https:\/\/camptecnologico.com\/"},{"@type":"ListItem","position":2,"name":"Campamentos de Semana Santa 2020 en Vitoria-Gasteiz"}]},{"@type":"WebSite","@id":"https:\/\/camptecnologico.com\/inicio\/#website","url":"https:\/\/camptecnologico.com\/inicio\/","name":"Camp Tecnologico","description":"Campamento tecnol\u00f3gico para ni\u00f1os y j\u00f3venes. Tecnolog\u00eda para ni\u00f1os. Minecraft.","publisher":{"@id":"https:\/\/camptecnologico.com\/inicio\/#organization"},"potentialAction":[{"@type":"SearchAction","target":{"@type":"EntryPoint","urlTemplate":"https:\/\/camptecnologico.com\/inicio\/?s={search_term_string}"},"query-input":"required name=search_term_string"}],"inLanguage":"es"},{"@type":"Organization","@id":"https:\/\/camptecnologico.com\/inicio\/#organization","name":"Camp Tecnol\u00f3gico","url":"https:\/\/camptecnologico.com\/inicio\/","logo":{"@type":"ImageObject","inLanguage":"es","@id":"https:\/\/camptecnologico.com\/inicio\/#\/schema\/logo\/image\/","url":"https:\/\/camptecnologico.com\/inicio\/wp-content\/uploads\/logo1.jpg","contentUrl":"https:\/\/camptecnologico.com\/inicio\/wp-content\/uploads\/logo1.jpg","width":120,"height":120,"caption":"Camp Tecnol\u00f3gico"},"image":{"@id":"https:\/\/camptecnologico.com\/inicio\/#\/schema\/logo\/image\/"},"sameAs":["https:\/\/www.facebook.com\/camptecnologico\/","https:\/\/x.com\/CampTecnologico","https:\/\/www.instagram.com\/camptecnologico\/","https:\/\/www.linkedin.com\/company\/camptecnol-gico","https:\/\/www.youtube.com\/user\/CampTecologico"]}]}},"_links":{"self":[{"href":"https:\/\/camptecnologico.com\/inicio\/wp-json\/wp\/v2\/pages\/44953","targetHints":{"allow":["GET"]}}],"collection":[{"href":"https:\/\/camptecnologico.com\/inicio\/wp-json\/wp\/v2\/pages"}],"about":[{"href":"https:\/\/camptecnologico.com\/inicio\/wp-json\/wp\/v2\/types\/page"}],"author":[{"embeddable":true,"href":"https:\/\/camptecnologico.com\/inicio\/wp-json\/wp\/v2\/users\/59"}],"replies":[{"embeddable":true,"href":"https:\/\/camptecnologico.com\/inicio\/wp-json\/wp\/v2\/comments?post=44953"}],"version-history":[{"count":11,"href":"https:\/\/camptecnologico.com\/inicio\/wp-json\/wp\/v2\/pages\/44953\/revisions"}],"predecessor-version":[{"id":46321,"href":"https:\/\/camptecnologico.com\/inicio\/wp-json\/wp\/v2\/pages\/44953\/revisions\/46321"}],"wp:featuredmedia":[{"embeddable":true,"href":"https:\/\/camptecnologico.com\/inicio\/wp-json\/wp\/v2\/media\/16454"}],"wp:attachment":[{"href":"https:\/\/camptecnologico.com\/inicio\/wp-json\/wp\/v2\/media?parent=44953"}],"curies":[{"name":"wp","href":"https:\/\/api.w.org\/{rel}","templated":true}]}}