




{"id":28515,"date":"2017-09-21T10:43:16","date_gmt":"2017-09-21T09:43:16","guid":{"rendered":"https:\/\/camptecnologico.com\/inicio\/?page_id=28515"},"modified":"2020-01-07T11:02:54","modified_gmt":"2020-01-07T10:02:54","slug":"hemeroteka","status":"publish","type":"page","link":"https:\/\/camptecnologico.eus\/inicio\/hemeroteka\/","title":{"rendered":"Hemeroteka"},"content":{"rendered":"<p>Camp Tecnolgico-ren komunikabideetako agerraldien zerrenda, ekitaldien,garatzen dugun teknologia hezitzailearen, berrikuntzen \u2026  oihartzuna egiten. <\/p>\r\n\r\n<table>\r\n\r\n<tr>\r\n  <td><strong>Ingurumena<\/strong><\/td>\r\n  <td><strong>Tituloa<\/strong><\/td>\r\n  <td><strong>Data<\/strong><\/td>\r\n<\/tr>\r\n\r\n\r\n<tr>\r\n  \r\n  <td>2017ko Irailaren 17a<\/td>\r\n<\/tr>\r\n\r\n<tr>\r\n  <td>Lola la Mota<\/td>\r\n  <td><a href=\"http:\/\/www.lolalamota.com\/campamentos\" target=\"_blank\" rel=\"nofollow noopener noreferrer\">Campamentos <i class=\"fa fa-external-link\"><\/i><\/a><\/td>\r\n  <td>2017ko Martxoaren 3a<\/td>\r\n<\/tr>\r\n\r\n<tr>\r\n  <td>El Mundo<\/td>\r\n  <td><a href=\"http:\/\/www.elmundo.es\/sapos-y-princesas\/2016\/09\/14\/57d87a47268e3e0a378b4636.html\" target=\"_blank\" rel=\"nofollow noopener noreferrer\">8 extraescolares que triunfan <i class=\"fa fa-external-link\"><\/i><\/a><\/td>\r\n  <td>2016ko Irailaren 14a<\/td>\r\n<\/tr>\r\n\r\n<tr>\r\n  <td>El Diario Vasco<\/td>\r\n  <td><a href=\"http:\/\/www.diariovasco.com\/bajo-deba\/elgoibar\/201609\/07\/talleres-robotica-abre-aulas-20160907000743-v.html\" target=\"_blank\" rel=\"nofollow noopener noreferrer\">Talleres de Rob\u00f3tica abre sus aulas a ni\u00f1os y j\u00f3venes de 7 a 17 a\u00f1os <i class=\"fa fa-external-link\"><\/i><\/a><\/td>\r\n  <td>2016ko Irailaren 7a<\/td>\r\n<\/tr>\r\n\r\n<tr>\r\n  <td>El Confidencial<\/td>\r\n  <td><a href=\"http:\/\/www.elconfidencial.com\/tecnologia\/2016-06-30\/campamentos-tecnologicos-ninos-aprender-a-programar_1225809\/\" target=\"_blank\" rel=\"nofollow noopener noreferrer\">Por qu\u00e9 miles de ni\u00f1os de toda Espa\u00f1a aprender\u00e1n a programar este verano <i class=\"fa fa-external-link\"><\/i><\/a><\/td>\r\n  <td>2016ko Ekainaren 28a<\/td>\r\n<\/tr>\r\n\r\n<tr>\r\n  <td>Diario Vasco<\/td>\r\n  <td><a href=\"http:\/\/www.diariovasco.com\/bajo-deba\/elgoibar\/201605\/18\/divertido-mundo-robots-20160518010220-v.html\" target=\"_blank\" rel=\"nofollow noopener noreferrer\">El divertido mundo de los robots <i class=\"fa fa-external-link\"><\/i><\/a><\/td>\r\n  <td>2016ko Maiatzaren 18a<\/td>\r\n<\/tr>\r\n\r\n<tr>\r\n  <td>El correo<\/td>\r\n  <td><a href=\"http:\/\/www.elcorreo.com\/bizkaia\/201605\/08\/robots-drones-azkuna-zentroa-20160507231603.html\" target=\"_blank\" rel=\"nofollow noopener noreferrer\">Robots y drones en Azkuna Zentroa <i class=\"fa fa-external-link\"><\/i><\/a><\/td>\r\n  <td>2016ko Maiatzaren 9a<\/td>\r\n<\/tr>\r\n\r\n<tr>\r\n  <td>Educaci\u00f3n 3.0<\/td>\r\n  <td><a href=\"http:\/\/www.educaciontrespuntocero.com\/recursos\/explorer-camp-el-campamento-para-el-aprendizaje-de-tecnologia-en-ingles\/35610.html\" target=\"_blank\" rel=\"nofollow noopener noreferrer\">Explorer Camp, el campamento de verano para el aprendizaje de tecnolog\u00eda en ingl\u00e9s <i class=\"fa fa-external-link\"><\/i><\/a><\/td>\r\n  <td>2016ko  Maiatzaren 6a<\/td>\r\n<\/tr>\r\n\r\n<tr>\r\n  <td>Gaceta Tecnol\u00f3gica<\/td>\r\n  <td><a href=\"http:\/\/www.gacetatecnologica.com\/naturaleza-deporte-ingles-y-la-tecnologia-educativa-mas-vanguardista-en-los-english-tech-camp-de-verano\/\" target=\"_blank\" rel=\"nofollow noopener noreferrer\">Naturaleza, deporte, ingl\u00e9s y la tecnolog\u00eda educativa m\u00e1s vanguardista en los English Tech Camp de verano <i class=\"fa fa-external-link\"><\/i><\/a><\/td>\r\n  <td>2016ko Apirilaren 15a<\/td>\r\n<\/tr>\r\n\r\n<tr>\r\n  <td>ComputerWorld<\/td>\r\n  <td><a href=\"http:\/\/www.computerworlduniversity.es\/actualidad\/ingles-y-tecnologia-la-inversion-para-el-campamento-de-verano-ideal\" target=\"_blank\" rel=\"nofollow noopener noreferrer\">Ingl\u00e9s y tecnolog\u00eda la inversi\u00f3n para el campamento de verano ideal <i class=\"fa fa-external-link\"><\/i><\/a><\/td>\r\n  <td>2016ko Apirilaren 15a<\/td>\r\n<\/tr>\r\n \r\n<tr>\r\n  <td>El Nervi\u00f3n<\/td>\r\n  <td><a href=\"http:\/\/www.elcorreo.com\/alava\/araba\/201603\/07\/secretos-luces-zapatillas-20160307082400.html\" target=\"_blank\" rel=\"nofollow noopener noreferrer\">Campamentos Semana Santa y Verano 2016 <i class=\"fa fa-external-link\"><\/i><\/a><\/td>\r\n  <td>2016 Martxoaren 14a<\/td>\r\n<\/tr>\r\n\r\n<tr>\r\n  <td>El Correo<\/td>\r\n  <td><a href=\"https:\/\/camptecnologico.com\/inicio\/wp-content\/uploads\/2016\/03\/2016-03-14-camp-tecnologico-el-nervion-.pdf\" target=\"_blank\" rel=\"nofollow noopener noreferrer\">Los secretos de la luces en las zapatillas <i class=\"fa fa-external-link\"><\/i><\/a><\/td>\r\n  <td>2016ko Martxoaren 7a<\/td>\r\n<\/tr>\r\n\r\n<tr>\r\n  <td>El Correo<\/td>\r\n  <td><a href=\"http:\/\/www.elcorreo.com\/bizkaia\/araba\/201602\/29\/jornada-sobre-mujer-tecnologia-20160229104322.html\" target=\"_blank\" rel=\"nofollow noopener noreferrer\">Women in Progress 2016 <i class=\"fa fa-external-link\"><\/i><\/a><\/td>\r\n  <td>2016ko Otsailaren 29a<\/td>\r\n<\/tr>\r\n \r\n<\/table>","protected":false},"excerpt":{"rendered":"Camp Tecnolgico-ren komunikabideetako agerraldien zerrenda, ekitaldien,garatzen dugun teknologia hezitzailearen, berrikuntzen \u2026 oihartzuna egiten. Ingurumena Tituloa Data 2017ko Irailaren 17a Lola la Mota Campamentos 2017ko Martxoaren 3a El Mundo 8 extraescolares que triunfan 2016ko Irailaren 14a El Diario Vasco Talleres de Rob\u00f3tica abre sus aulas a ni\u00f1os y j\u00f3venes de 7 a 17 a\u00f1os 2016ko Irailaren [&hellip;]","protected":false},"author":52,"featured_media":18054,"parent":0,"menu_order":0,"comment_status":"closed","ping_status":"closed","template":"","meta":{"footnotes":"","_links_to":"","_links_to_target":""},"class_list":["post-28515","page","type-page","status-publish","has-post-thumbnail","hentry"],"yoast_head":"<!-- This site is optimized with the Yoast SEO plugin v22.6 - https:\/\/yoast.com\/wordpress\/plugins\/seo\/ -->\n<title>Hemeroteka | Camp Tecnologico<\/title>\n<meta name=\"description\" content=\"Listado de las apariciones de Camp Tecnol\u00f3gico en medios de comunicaci\u00f3n haci\u00e9ndose eco de eventos, Tecnolog\u00eda Educativa que desarrollamos, innovaci\u00f3n, etc.\" \/>\n<meta name=\"robots\" content=\"noindex, nofollow\" \/>\n<meta property=\"og:locale\" content=\"es_ES\" \/>\n<meta property=\"og:type\" content=\"article\" \/>\n<meta property=\"og:title\" content=\"Hemeroteka | Camp Tecnologico\" \/>\n<meta property=\"og:description\" content=\"Listado de las apariciones de Camp Tecnol\u00f3gico en medios de comunicaci\u00f3n haci\u00e9ndose eco de eventos, Tecnolog\u00eda Educativa que desarrollamos, innovaci\u00f3n, etc.\" \/>\n<meta property=\"og:url\" content=\"https:\/\/camptecnologico.eus\/inicio\/hemeroteka\/\" \/>\n<meta property=\"og:site_name\" content=\"Camp Tecnologico\" \/>\n<meta property=\"article:publisher\" content=\"https:\/\/www.facebook.com\/camptecnologico\/\" \/>\n<meta property=\"article:modified_time\" content=\"2020-01-07T10:02:54+00:00\" \/>\n<meta property=\"og:image\" content=\"https:\/\/camptecnologico.eus\/inicio\/wp-content\/uploads\/2016\/03\/semansantacamp.png\" \/>\n\t<meta property=\"og:image:width\" content=\"368\" \/>\n\t<meta property=\"og:image:height\" content=\"350\" \/>\n\t<meta property=\"og:image:type\" content=\"image\/png\" \/>\n<meta name=\"twitter:card\" content=\"summary_large_image\" \/>\n<meta name=\"twitter:site\" content=\"@CampTecnologico\" \/>\n<meta name=\"twitter:label1\" content=\"Tiempo de lectura\" \/>\n\t<meta name=\"twitter:data1\" content=\"1 minuto\" \/>\n<!-- \/ Yoast SEO plugin. -->","yoast_head_json":{"title":"Hemeroteka | Camp Tecnologico","description":"Listado de las apariciones de Camp Tecnol\u00f3gico en medios de comunicaci\u00f3n haci\u00e9ndose eco de eventos, Tecnolog\u00eda Educativa que desarrollamos, innovaci\u00f3n, etc.","robots":{"index":"noindex","follow":"nofollow"},"og_locale":"es_ES","og_type":"article","og_title":"Hemeroteka | Camp Tecnologico","og_description":"Listado de las apariciones de Camp Tecnol\u00f3gico en medios de comunicaci\u00f3n haci\u00e9ndose eco de eventos, Tecnolog\u00eda Educativa que desarrollamos, innovaci\u00f3n, etc.","og_url":"https:\/\/camptecnologico.eus\/inicio\/hemeroteka\/","og_site_name":"Camp Tecnologico","article_publisher":"https:\/\/www.facebook.com\/camptecnologico\/","article_modified_time":"2020-01-07T10:02:54+00:00","og_image":[{"width":368,"height":350,"url":"https:\/\/camptecnologico.eus\/inicio\/wp-content\/uploads\/2016\/03\/semansantacamp.png","type":"image\/png"}],"twitter_card":"summary_large_image","twitter_site":"@CampTecnologico","twitter_misc":{"Tiempo de lectura":"1 minuto"},"schema":{"@context":"https:\/\/schema.org","@graph":[{"@type":"WebPage","@id":"https:\/\/camptecnologico.eus\/inicio\/hemeroteka\/","url":"https:\/\/camptecnologico.eus\/inicio\/hemeroteka\/","name":"Hemeroteka | Camp Tecnologico","isPartOf":{"@id":"https:\/\/camptecnologico.com\/inicio\/#website"},"primaryImageOfPage":{"@id":"https:\/\/camptecnologico.eus\/inicio\/hemeroteka\/#primaryimage"},"image":{"@id":"https:\/\/camptecnologico.eus\/inicio\/hemeroteka\/#primaryimage"},"thumbnailUrl":"https:\/\/camptecnologico.com\/inicio\/wp-content\/uploads\/2016\/03\/semansantacamp.png","datePublished":"2017-09-21T09:43:16+00:00","dateModified":"2020-01-07T10:02:54+00:00","description":"Listado de las apariciones de Camp Tecnol\u00f3gico en medios de comunicaci\u00f3n haci\u00e9ndose eco de eventos, Tecnolog\u00eda Educativa que desarrollamos, innovaci\u00f3n, etc.","breadcrumb":{"@id":"https:\/\/camptecnologico.eus\/inicio\/hemeroteka\/#breadcrumb"},"inLanguage":"es","potentialAction":[{"@type":"ReadAction","target":["https:\/\/camptecnologico.eus\/inicio\/hemeroteka\/"]}]},{"@type":"ImageObject","inLanguage":"es","@id":"https:\/\/camptecnologico.eus\/inicio\/hemeroteka\/#primaryimage","url":"https:\/\/camptecnologico.com\/inicio\/wp-content\/uploads\/2016\/03\/semansantacamp.png","contentUrl":"https:\/\/camptecnologico.com\/inicio\/wp-content\/uploads\/2016\/03\/semansantacamp.png","width":368,"height":350,"caption":"Semana Santa, Camp, Tecnologico, robotica educativa, programacion, talleres, cursos, ni\u00f1os, adolescentes"},{"@type":"BreadcrumbList","@id":"https:\/\/camptecnologico.eus\/inicio\/hemeroteka\/#breadcrumb","itemListElement":[{"@type":"ListItem","position":1,"name":"Home","item":"https:\/\/camptecnologico.com\/"},{"@type":"ListItem","position":2,"name":"Hemeroteka"}]},{"@type":"WebSite","@id":"https:\/\/camptecnologico.com\/inicio\/#website","url":"https:\/\/camptecnologico.com\/inicio\/","name":"Camp Tecnologico","description":"Campamento tecnol\u00f3gico para ni\u00f1os y j\u00f3venes. Tecnolog\u00eda para ni\u00f1os. Minecraft.","publisher":{"@id":"https:\/\/camptecnologico.com\/inicio\/#organization"},"potentialAction":[{"@type":"SearchAction","target":{"@type":"EntryPoint","urlTemplate":"https:\/\/camptecnologico.com\/inicio\/?s={search_term_string}"},"query-input":"required name=search_term_string"}],"inLanguage":"es"},{"@type":"Organization","@id":"https:\/\/camptecnologico.com\/inicio\/#organization","name":"Camp Tecnol\u00f3gico","url":"https:\/\/camptecnologico.com\/inicio\/","logo":{"@type":"ImageObject","inLanguage":"es","@id":"https:\/\/camptecnologico.com\/inicio\/#\/schema\/logo\/image\/","url":"https:\/\/camptecnologico.com\/inicio\/wp-content\/uploads\/logo1.jpg","contentUrl":"https:\/\/camptecnologico.com\/inicio\/wp-content\/uploads\/logo1.jpg","width":120,"height":120,"caption":"Camp Tecnol\u00f3gico"},"image":{"@id":"https:\/\/camptecnologico.com\/inicio\/#\/schema\/logo\/image\/"},"sameAs":["https:\/\/www.facebook.com\/camptecnologico\/","https:\/\/x.com\/CampTecnologico","https:\/\/www.instagram.com\/camptecnologico\/","https:\/\/www.linkedin.com\/company\/camptecnol-gico","https:\/\/www.youtube.com\/user\/CampTecologico"]}]}},"_links":{"self":[{"href":"https:\/\/camptecnologico.com\/inicio\/wp-json\/wp\/v2\/pages\/28515","targetHints":{"allow":["GET"]}}],"collection":[{"href":"https:\/\/camptecnologico.com\/inicio\/wp-json\/wp\/v2\/pages"}],"about":[{"href":"https:\/\/camptecnologico.com\/inicio\/wp-json\/wp\/v2\/types\/page"}],"author":[{"embeddable":true,"href":"https:\/\/camptecnologico.com\/inicio\/wp-json\/wp\/v2\/users\/52"}],"replies":[{"embeddable":true,"href":"https:\/\/camptecnologico.com\/inicio\/wp-json\/wp\/v2\/comments?post=28515"}],"version-history":[{"count":6,"href":"https:\/\/camptecnologico.com\/inicio\/wp-json\/wp\/v2\/pages\/28515\/revisions"}],"predecessor-version":[{"id":43779,"href":"https:\/\/camptecnologico.com\/inicio\/wp-json\/wp\/v2\/pages\/28515\/revisions\/43779"}],"wp:featuredmedia":[{"embeddable":true,"href":"https:\/\/camptecnologico.com\/inicio\/wp-json\/wp\/v2\/media\/18054"}],"wp:attachment":[{"href":"https:\/\/camptecnologico.com\/inicio\/wp-json\/wp\/v2\/media?parent=28515"}],"curies":[{"name":"wp","href":"https:\/\/api.w.org\/{rel}","templated":true}]}}