




{"id":15320,"date":"2015-11-12T10:50:04","date_gmt":"2015-11-12T09:50:04","guid":{"rendered":"https:\/\/camptecnologico.com\/inicio\/?page_id=15320"},"modified":"2020-10-15T10:53:33","modified_gmt":"2020-10-15T09:53:33","slug":"campamentos-navidad-bilbao","status":"publish","type":"page","link":"https:\/\/camptecnologico.com\/inicio\/campamentos-navidad-bilbao\/","title":{"rendered":"Campamentos Navidad 2019 en Bilbao (AZ-Alh\u00f3ndiga)"},"content":{"rendered":"<script>\r\n    sessionStorage.campus=5600;\r\n<\/script>\r\n\r\n<!-- NO TOCAR, SE DESMONTA LA PARTE DE INFORMACION GENERAL -->\r\n<style type=\"text\/css\">\r\n#descripcion {\r\n    margin-top: 50px;\r\n}\r\n#descripcion .fourcol.column {\r\n    float: left;\r\n    display: block;\r\n}\r\n.column {  \r\n    margin-right: 2.6%;\r\n    display: inline-grid;float: none;}\r\n.minifichas {\r\n    background-image: url('wp-content\/uploads\/Fondo-web.jpg');\r\n    background-size: cover;\r\n    background-repeat: no-repeat;\r\n    padding-top:10px;\r\n    padding-bottom:10px;\r\n}\r\n<\/style>\r\n<!----------------------------------------------------------->\r\n\r\n<div class=\"row\" style=\"padding-bottom:10px;\">\r\n    <p style=\"color: #FF2200; font-weight: bold; font-size: 180%;text-align:center;margin-top:0px\">\r\n        <a href=\"#infor_general\">Informaci\u00f3n de Fechas, Horarios, Precios y Descuentos<\/a>\r\n    <\/p>\r\n\r\n    <div class=\"threecol column\" align=\"right\" style=\"margin: 0px 10px 0px 0px\">\r\n        <strong>Nuestros talleres se segmentan en:<\/strong>\r\n    <\/div>\r\n    <div class=\"threecol column\" style=\"margin: 0px 0px 0px 0px\">\r\n        <ul>\r\n            <li> <span class=\"segmento_kid\">&nbsp;Kid: 4\u00ba-5\u00ba Infantil y 1\u00ba Primaria&nbsp;<\/span><\/li>\r\n            <li> <span class=\"segmento_junior\">&nbsp;Junior: 2\u00ba-4\u00ba Primaria&nbsp;<\/span><\/li>\r\n        <\/ul>   \r\n    <\/div>\r\n    <div class=\"threecol column\" style=\"margin: 0px 0px 0px 0px\">\r\n        <ul>            \r\n            <li> <span class=\"segmento_genius\">&nbsp;Genius: 4\u00ba-6\u00ba Primaria y 1\u00ba-3\u00ba ESO&nbsp;<\/span><\/li>\r\n            <li> <span class=\"segmento_explorer\">&nbsp;Explorer: 1\u00ba ESO en adelante&nbsp;<\/span><\/li>\r\n        <\/ul>  \r\n    <\/div>\r\n    <div class=\"threecol column last\" style=\"margin: 0px 0px 0px 0px\">\r\n         <a href=\"https:\/\/camptecnologico.com\/inicio\/inscripcion\/\" class=\"button large primary\" rel=\"nofollow\">\r\n                 <i class=\"fa fa-paper-plane\"><\/i>&nbsp;&nbsp;Realizar Inscripci\u00f3n<\/a>\r\n    <\/div>\r\n<\/div>\r\n\r\n<!-- microfichas -->\r\n<div class=\"minifichas\">\r\n    <div class=\"row\">\r\n <!--       [wpv-view name=\"talleres-az-navidad-microficha-2-dias\"]-->\r\n        [wpv-view name=\u00bbtalleres-az-navidad-microficha\u00bb] \r\n    <\/div>\r\n<\/div>\r\n\r\n<!-- informaci\u00f3n general -->\r\n<div style=\"font-size: 1.0em;\">\r\n    <div class=\"row\">\r\n        <p id=\"infor_general\" style=\"margin-top:0px; padding-top:0px; font-size:10%\">&nbsp;<\/p>\r\n        <h2>Informaci\u00f3n General<\/h2>\r\n        <div>\r\n            <h3>D\u00f3nde<\/h3>\r\n            <p style=\"margin-bottom: 30px;\"><\/p>\r\n                <p>Los Campamentos se realizan en <spam style=\"font-weight: bold; font-size: 1.2em;\">Azkuna Zentroa (Alh\u00f3ndiga Bilbao)<\/spam> \r\n                                            (Arriqu\u00edbar Plaza, 4 48010 Bilbo, Bizkaia)&nbsp;\r\n                <a href=\"https:\/\/www.google.es\/maps\/place\/Azkuna+Zentroa\/@43.259833,-2.939001,17z\/data=!3m1!4b1!4m5!3m4!1s0xd4e4fd6478b8a25:0x8b3be5dc2a4d49d9!8m2!3d43.2598291!4d-2.9368123?hl=es\" target=\"_blanc\" rel=\"nofollow noopener noreferrer\"><i class=\"fa fa-map-marker fa-3x\" aria-hidden=\"true\" style=\"color:#00ffff\"><\/i><\/a><\/p>\r\n            \r\n        <\/div>\r\n\r\n        <div>\r\n             <p><br \/><span style=\"font-size: 1.2em;\">GRUPOS REDUCIDOS<\/span>, 10 alumnos por monitor. Una metodolog\u00eda probada desde 2011 que nos diferencia de otras opciones del mercado.<\/p>\r\n<br \/>&nbsp;\r\n        <\/div>\r\n\r\n        <div class=\"fourcol column\">\r\n            <h3>Fechas<\/h3>\r\n            <p>Talleres de 2 d\u00edas<\/p>\r\n            <ul>\r\n          \t<li>23-24 de Diciembre<\/li>\r\n          \t<li>26-27 de Diciembre<\/li>\r\n \t        <li>30-31 de Diciembre<\/li>\r\n \t        <li>2-3 de Enero<\/li>\r\n            <\/ul>\r\n        <\/div>\r\n        <div class=\"fourcol column\">\r\n            <h3>Horario<\/h3>\r\n            <ul>\r\n                <li>De 9.00 a 14.00 horas (5 horas \/d\u00eda).<\/li>\r\n            <\/ul>\r\n        <\/div>\r\n\r\n        <div class=\"fourcol column last\">\r\n<br \/><br \/>\r\n            <div style=\"text-align:center; padding-bottom:20px\">\r\n                <a href=\"https:\/\/camptecnologico.com\/inicio\/inscripcion\/\" class=\"button large primary\" rel=\"nofollow\">\r\n                     <i class=\"fa fa-paper-plane\"><\/i>&nbsp;&nbsp;Realizar Inscripci\u00f3n<\/a>\r\n            <\/div>\r\n        <\/div>\r\n        <div class=\"clear\"><\/div>\r\n    <\/div>\r\n\r\n<hr \/>\r\n\r\n    <div class=\"row\">\r\n        <div>\r\n        \r\n        <h2>Precios y Descuentos<\/h2>\r\n        <\/div>\r\n        <div class=\"fourcol column\">\r\n            <h3 style=\"padding-top:10px;\">Servicios Adicionales<\/h3>\r\n            <ul>\r\n                <li><strong>GUARDERIA<\/strong>, horario ampliado desde las 08.30 a las 14.30: <span style=\"font-size: 1.2em;\"><strong>10\u20ac\/semana<\/strong><\/span><\/li>\r\n            <\/ul>\r\n            <em>Nota: No hay posibilidad de d\u00edas sueltos.<\/em>\r\n        <\/div>\r\n\r\n        <div class=\"fourcol column\">\r\n            <h3>Precios<\/h3>\r\n            <p>Descuento en inscripciones pagadas <br \/>antes del <span style=\"font-size: 1.5em;color:#CC0000;\">22 de diciembre<\/span>.<\/p>\r\n            <ul>\r\n                <li style=\"margin-bottom:0px;\">Kids y Junior: <strike>84\u20ac<\/strike> <span style=\"font-size: 1.5em;\"> <strong>75\u20ac<\/strong><\/span><\/li>\r\n                <li style=\"margin-bottom:0px;\">Genius y Explorer: <strike>88\u20ac<\/strike> <span style=\"font-size: 1.5em;\"> <strong>79\u20ac<\/strong><\/span><\/li>\r\n            <\/ul>\r\n        <\/div>\r\n\r\n        <div class=\"fourcol column last\">\r\n            <h3>Descuentos no acumulables<\/h3>\r\n            <p>S\u00f3lo se puede disfrutar de uno de ellos:<\/p>\r\n            <ul>\r\n               <li>Antig\u00fco Alumno de CampTecnol\u00f3gico: <span style=\"font-size: 1.2em;\"><strong>-10%<\/strong><\/span><\/li>\r\n               <li>Plan Gaztedi Kutxabank: <span style=\"font-size: 1.2em;\"><strong>-10%<\/strong><\/span><\/li>\r\n               <li>Tarjeta AZ: <span style=\"font-size: 1.2em;\"><strong>-5%<\/strong><\/span><\/li>\r\n               <li>Familia numerosa o monoparental: <span style=\"font-size: 1.2em;\"><strong>-5%<\/strong><\/span><\/li>\r\n            <\/ul>\r\n            <p>&nbsp;<\/p>\r\n            <h3>Descuentos acumulables<\/h3>\r\n            <p>Adem\u00e1s puedes a\u00f1adir todos los que puedas:<\/p>\r\n            <ul>\r\n                <li>Viene con un hermano y\/o amigo: <span style=\"font-size: 1.2em;\"><strong>-5%<\/strong><\/span><\/li>\r\n                <li>Si traes tu ordenador en Minecraft: <span style=\"font-size: 1.2em;\"><strong>-4\u20ac<\/strong><\/span> respectivamente<\/li>\r\n            <\/ul>\r\n            <em>Nota: Requerimientos m\u00ednimos de PC: Intel i3 o superior, con Windows 10 (no tablet o Surface o Apple)<\/em>\r\n        <\/div>\r\n        <div class=\"clear\"><\/div>\r\n    <\/div>\r\n<\/div>\r\n\r\n<!-- fichas -->\r\n<div>\r\n    [wpv-view name=\u00bbtalleres-az-navidad-ficha\u00bb]\r\n<\/div>\r\n\r\n<div class=\"row\">\r\n    <hr \/>\r\n    <p>\r\n        <spam style=\"color:#CC0000;font-weight: bold; font-size: 2.0em;\">AVISO:<\/spam> \r\n        <spam style=\"font-size: 1.7em;\">La realizaci\u00f3n de los talleres esta sujeta a alcanzar un grupo m\u00ednimo de asistentes al turno elegido. \r\n           En caso de no ser factible, desde la organizaci\u00f3n les ofreceremos las alternativas existentes.<\/spam>\r\n    <\/p>\r\n<\/div>\r\n\r\n\r\n<!-----------------------------------------------------------------------------\r\n\r\n<h3 class=\"tituloSeccion\">Talleres de 1 d\u00eda\r\n\r\n<div class=\"taller\" id=\"fichaclubconborde\">\t \t \r\n     <p class=\"banda\" style=\"text-align: center;\">LH1<\/p>\t \t \r\n     <img decoding=\"async\" src=\"https:\/\/camptecnologico.com\/inicio\/wp-content\/uploads\/taller-de-tobotica-kids-350x270.jpg\" alt=\"Kids\" width=\"250\" class=\"alignleft size-full wp-image-16592\" \/>\r\n\r\n     <h2 style=\"margin-top:10px;margin-bottom:10px;\">Kids&Tech<\/h2>\t \t \r\n     <p><i class=\"fa fa-book\"><\/i> Primer acercamiento a la rob\u00f3tica<\/p>\t \t \r\n     <p><i class=\"fa fa-calendar\"><\/i> Taller para ni\u00f1os\/as de LH1<\/p>\t \t \r\n \t \t \r\n     <p style=\"padding-right:20px;\">En su primer acercamiento al mundo de la rob\u00f3tica, entran en contacto con juguetes rob\u00f3ticos como medio de ejercitar c\u00e1lculos b\u00e1sicos y comunicarse con programaciones b\u00e1sicas con robots.<br \/>\r\n     <\/p> \t \t \r\n<\/div>\r\n\r\n<div class=\"taller\" id=\"fichaclubconborde\">\t \t \r\n     <p class=\"banda\" style=\"text-align: center;\">LH5-DBH4<\/p>\t \t \r\n     <img decoding=\"async\" src=\"https:\/\/camptecnologico.com\/inicio\/wp-content\/uploads\/Impresion3D-Imagenes-talleres-Verano2018-350x270.jpg\" \t \t \r\n          alt=\"campamento, taller, maker, camp, tecnologico, robotica, robotica educativa, campamento, ni\u00f1os, adolescentes, programacion\" \t \t \r\n          width=\"250\" class=\"alignleft size-full wp-image-16592\" \/>\t \t \t \t \r\n     <h2 style=\"margin-top:10px;margin-bottom:10px;\">Introducci\u00f3n al dise\u00f1o en 3D<\/h2>\t \t \r\n     <p><i class=\"fa fa-book\"><\/i> Dise\u00f1o e impresi\u00f3n en 3D<\/p>\t \t \r\n     <p><i class=\"fa fa-calendar\"><\/i> Taller para ni\u00f1os\/as de LH5-DBH4<\/p>\t \t \r\n \t \t \r\n     <p style=\"padding-right:20px;\">En este mini-taller, aquellos que nunca hayan tenido contacto con el dise\u00f1o 3D, podr\u00e1n adquirir unas nociones b\u00e1sicas de dise\u00f1o con Tynkercad o Autodesk  Fusion y como utilizar una impresora 3D.<\/p>\r\n<\/div>\r\n\r\n<div class=\"taller\" id=\"fichaclubconborde\">\t \t \r\n     <p class=\"banda\" style=\"text-align: center;\">LH5-DBH4<\/p>\t \t \r\n     <img decoding=\"async\" src=\"https:\/\/camptecnologico.com\/inicio\/wp-content\/uploads\/Guitarra-electrica18-350x197.jpeg\" alt=\"\" width=\"250\" class=\"alignleft size-full wp-image-16592\" \/>\r\n     <h2 style=\"margin-top:10px;margin-bottom:10px;\">Electr\u00f3nica con Crumble<\/h2>\t \t \r\n     <p><i class=\"fa fa-book\"><\/i> Dispositivos electr\u00f3nicos<\/p>\t \t \r\n     <p><i class=\"fa fa-calendar\"><\/i> Taller para ni\u00f1os\/as de LH5-DBH4<\/p>\t \t \r\n \t \t \r\n     <p style=\"padding-right:20px;\">Con las actividades de este mini-taller, tendr\u00e1n un primer acercamiento a la programaci\u00f3n de dispositivos electr\u00f3nicos, podr\u00e1n controlar tiras de leds, produciendo efectos de luces, colores y movimiento, controlar un servomotor \u00f3 un sensor de ultrasonidos.<\/p>\r\n<\/div>\r\n\r\n-------------------------------------------->\r\n\r\n\r\n\r\n\r\n\r\n\r\n\r\n\r\n\r\n\r\n<!------------------------- elecci\u00f3n de ma\u00f1ana y tarde -----------------------------\r\n<div class=\"row\">\r\n\r\n   <div class=\"fourcol column\">\r\n      <img loading=\"lazy\" decoding=\"async\" src=\"https:\/\/camptecnologico.com\/inicio\/wp-content\/uploads\/CampTecnologico-BIZ-480x480-1.gif\" alt=\"rob\u00f3tica educativa, Rob\u00f3tica Industrial, Tecnologia educativa\" \r\n           width=\"480\" height=\"480\" class=\"alignnone size-full wp-image-35857\" \/>\r\n   <\/div>\r\n\r\n   <div class=\"fourcol column\">\r\n      <p>&nbsp;<\/p>\r\n      <h2 style=\"text-align: center;\">Campamentos de MA\u00d1ANA<\/h2>\r\n      <p style=\"text-align: center; color:#0040FF;font-weight: bold; font-size: 2.0em;\">Talleres de 3 d\u00edas:<\/p>\r\n      <h3 style=\"text-align: center;\">26-28 de Diciembre \u00f3 2-4 de Enero<\/h3>\r\n      <h4 style=\"text-align: center;\">5 horas al d\u00eda, de las 9:00 a las 14:00 (15 horas)<\/h4>\r\n\r\n      <p style=\"text-align: center; color:#0040FF;font-weight: bold; font-size: 1.7em;\">Talleres los s\u00e1bados:<\/p>\r\n      <h4 style=\"text-align: center;\">y adem\u00e1s, el 29 de Diciembre y el 5 de Enero<\/h4>\r\n      <h4 style=\"text-align: center;\">talleres complementarios,<br \/>de las 9:00 a las 14:00 (5 horas)<\/h4>\r\n\r\n      <center>\r\n        <a href=\"https:\/\/camptecnologico.com\/inicio\/campamentos-navidad-bilbao-manana\/\"  class=\"button large primary\" rel=\"nofollow\"> M\u00e1s informaci\u00f3n<\/a>\r\n      <\/center>\r\n   <\/div>\r\n\r\n   <div class=\"fourcol column last\">\r\n      <p>&nbsp;<\/p>\r\n      <h2 style=\"text-align: center;\">Tecno-Talleres de TARDE<\/h2>\r\n      <p style=\"text-align: center; color:#0040FF;font-weight: bold; font-size: 2.0em;\">Talleres de 1 d\u00eda:<\/p>\r\n      <h3 style=\"text-align: center;\">26 \u00f3 27 \u00f3 28 Dic. \u00f3 2 \u00f3 3 \u00f3 4 Enero<\/h3>\r\n      <h4 style=\"text-align: center;\">3 horas al d\u00eda, de las 16:00 a las 19:00 (3 horas)<\/h4>\r\n\r\n      <center>\r\n        <a href=\"https:\/\/camptecnologico.com\/inicio\/campamentos-navidad-bilbao-tarde\/\"  class=\"button large primary\" rel=\"nofollow\"> M\u00e1s Informaci\u00f3n<\/a>\r\n      <\/center>\r\n   <\/div>\r\n\r\n-------------------------------------------><\/div><\/h3>","protected":false},"excerpt":{"rendered":"Informaci\u00f3n de Fechas, Horarios, Precios y Descuentos Nuestros talleres se segmentan en: &nbsp;Kid: 4\u00ba-5\u00ba Infantil y 1\u00ba Primaria&nbsp; &nbsp;Junior: 2\u00ba-4\u00ba Primaria&nbsp; &nbsp;Genius: 4\u00ba-6\u00ba Primaria y 1\u00ba-3\u00ba ESO&nbsp; &nbsp;Explorer: 1\u00ba ESO en adelante&nbsp; &nbsp;&nbsp;Realizar Inscripci\u00f3n [wpv-view name=\u00bbtalleres-az-navidad-microficha\u00bb] &nbsp; Informaci\u00f3n General D\u00f3nde Los Campamentos se realizan en Azkuna Zentroa (Alh\u00f3ndiga Bilbao) (Arriqu\u00edbar Plaza, 4 48010 Bilbo, Bizkaia)&nbsp; [&hellip;]","protected":false},"author":21,"featured_media":33742,"parent":0,"menu_order":0,"comment_status":"closed","ping_status":"closed","template":"","meta":{"footnotes":"","_links_to":"","_links_to_target":""},"class_list":["post-15320","page","type-page","status-publish","has-post-thumbnail","hentry"],"yoast_head":"<!-- This site is optimized with the Yoast SEO plugin v22.6 - https:\/\/yoast.com\/wordpress\/plugins\/seo\/ -->\n<title>Campamentos Navidad 2019 en Bilbao (AZ-Alh\u00f3ndiga)<\/title>\n<meta name=\"description\" content=\"Estas vacaciones de Navidad en Bilbao pueden ser productivas en algo que le gusta. \u00a1Ap\u00fantale al campamento tecnol\u00f3gico de Navidad! De 4 a 17 a\u00f1os.\" \/>\n<meta name=\"robots\" content=\"noindex, follow, max-snippet:-1, max-image-preview:large, max-video-preview:-1\" \/>\n<meta property=\"og:locale\" content=\"es_ES\" \/>\n<meta property=\"og:type\" content=\"article\" \/>\n<meta property=\"og:title\" content=\"Campamentos Navidad 2019 en Bilbao (AZ-Alh\u00f3ndiga)\" \/>\n<meta property=\"og:description\" content=\"Estas vacaciones de Navidad en Bilbao pueden ser productivas en algo que le gusta. \u00a1Ap\u00fantale al campamento tecnol\u00f3gico de Navidad! De 4 a 17 a\u00f1os.\" \/>\n<meta property=\"og:url\" content=\"https:\/\/camptecnologico.com\/inicio\/campamentos-navidad-bilbao\/\" \/>\n<meta property=\"og:site_name\" content=\"Camp Tecnologico\" \/>\n<meta property=\"article:publisher\" content=\"https:\/\/www.facebook.com\/camptecnologico\/\" \/>\n<meta property=\"article:modified_time\" content=\"2020-10-15T09:53:33+00:00\" \/>\n<meta property=\"og:image\" content=\"https:\/\/camptecnologico.com\/inicio\/wp-content\/uploads\/reducida-5-1.jpg\" \/>\n\t<meta property=\"og:image:width\" content=\"1000\" \/>\n\t<meta property=\"og:image:height\" content=\"500\" \/>\n\t<meta property=\"og:image:type\" content=\"image\/jpeg\" \/>\n<meta name=\"twitter:card\" content=\"summary_large_image\" \/>\n<meta name=\"twitter:site\" content=\"@CampTecnologico\" \/>\n<meta name=\"twitter:label1\" content=\"Tiempo de lectura\" \/>\n\t<meta name=\"twitter:data1\" content=\"1 minuto\" \/>\n<!-- \/ Yoast SEO plugin. -->","yoast_head_json":{"title":"Campamentos Navidad 2019 en Bilbao (AZ-Alh\u00f3ndiga)","description":"Estas vacaciones de Navidad en Bilbao pueden ser productivas en algo que le gusta. \u00a1Ap\u00fantale al campamento tecnol\u00f3gico de Navidad! De 4 a 17 a\u00f1os.","robots":{"index":"noindex","follow":"follow","max-snippet":"max-snippet:-1","max-image-preview":"max-image-preview:large","max-video-preview":"max-video-preview:-1"},"og_locale":"es_ES","og_type":"article","og_title":"Campamentos Navidad 2019 en Bilbao (AZ-Alh\u00f3ndiga)","og_description":"Estas vacaciones de Navidad en Bilbao pueden ser productivas en algo que le gusta. \u00a1Ap\u00fantale al campamento tecnol\u00f3gico de Navidad! De 4 a 17 a\u00f1os.","og_url":"https:\/\/camptecnologico.com\/inicio\/campamentos-navidad-bilbao\/","og_site_name":"Camp Tecnologico","article_publisher":"https:\/\/www.facebook.com\/camptecnologico\/","article_modified_time":"2020-10-15T09:53:33+00:00","og_image":[{"width":1000,"height":500,"url":"https:\/\/camptecnologico.com\/inicio\/wp-content\/uploads\/reducida-5-1.jpg","type":"image\/jpeg"}],"twitter_card":"summary_large_image","twitter_site":"@CampTecnologico","twitter_misc":{"Tiempo de lectura":"1 minuto"},"schema":{"@context":"https:\/\/schema.org","@graph":[{"@type":"WebPage","@id":"https:\/\/camptecnologico.com\/inicio\/campamentos-navidad-bilbao\/","url":"https:\/\/camptecnologico.com\/inicio\/campamentos-navidad-bilbao\/","name":"Campamentos Navidad 2019 en Bilbao (AZ-Alh\u00f3ndiga)","isPartOf":{"@id":"https:\/\/camptecnologico.com\/inicio\/#website"},"primaryImageOfPage":{"@id":"https:\/\/camptecnologico.com\/inicio\/campamentos-navidad-bilbao\/#primaryimage"},"image":{"@id":"https:\/\/camptecnologico.com\/inicio\/campamentos-navidad-bilbao\/#primaryimage"},"thumbnailUrl":"https:\/\/camptecnologico.com\/inicio\/wp-content\/uploads\/reducida-5-1.jpg","datePublished":"2015-11-12T09:50:04+00:00","dateModified":"2020-10-15T09:53:33+00:00","description":"Estas vacaciones de Navidad en Bilbao pueden ser productivas en algo que le gusta. \u00a1Ap\u00fantale al campamento tecnol\u00f3gico de Navidad! De 4 a 17 a\u00f1os.","breadcrumb":{"@id":"https:\/\/camptecnologico.com\/inicio\/campamentos-navidad-bilbao\/#breadcrumb"},"inLanguage":"es","potentialAction":[{"@type":"ReadAction","target":["https:\/\/camptecnologico.com\/inicio\/campamentos-navidad-bilbao\/"]}]},{"@type":"ImageObject","inLanguage":"es","@id":"https:\/\/camptecnologico.com\/inicio\/campamentos-navidad-bilbao\/#primaryimage","url":"https:\/\/camptecnologico.com\/inicio\/wp-content\/uploads\/reducida-5-1.jpg","contentUrl":"https:\/\/camptecnologico.com\/inicio\/wp-content\/uploads\/reducida-5-1.jpg","width":1000,"height":500,"caption":"Campamento Tecnologico Navidad"},{"@type":"BreadcrumbList","@id":"https:\/\/camptecnologico.com\/inicio\/campamentos-navidad-bilbao\/#breadcrumb","itemListElement":[{"@type":"ListItem","position":1,"name":"Home","item":"https:\/\/camptecnologico.com\/"},{"@type":"ListItem","position":2,"name":"Campamentos Navidad 2019 en Bilbao (AZ-Alh\u00f3ndiga)"}]},{"@type":"WebSite","@id":"https:\/\/camptecnologico.com\/inicio\/#website","url":"https:\/\/camptecnologico.com\/inicio\/","name":"Camp Tecnologico","description":"Campamento tecnol\u00f3gico para ni\u00f1os y j\u00f3venes. Tecnolog\u00eda para ni\u00f1os. Minecraft.","publisher":{"@id":"https:\/\/camptecnologico.com\/inicio\/#organization"},"potentialAction":[{"@type":"SearchAction","target":{"@type":"EntryPoint","urlTemplate":"https:\/\/camptecnologico.com\/inicio\/?s={search_term_string}"},"query-input":"required name=search_term_string"}],"inLanguage":"es"},{"@type":"Organization","@id":"https:\/\/camptecnologico.com\/inicio\/#organization","name":"Camp Tecnol\u00f3gico","url":"https:\/\/camptecnologico.com\/inicio\/","logo":{"@type":"ImageObject","inLanguage":"es","@id":"https:\/\/camptecnologico.com\/inicio\/#\/schema\/logo\/image\/","url":"https:\/\/camptecnologico.com\/inicio\/wp-content\/uploads\/logo1.jpg","contentUrl":"https:\/\/camptecnologico.com\/inicio\/wp-content\/uploads\/logo1.jpg","width":120,"height":120,"caption":"Camp Tecnol\u00f3gico"},"image":{"@id":"https:\/\/camptecnologico.com\/inicio\/#\/schema\/logo\/image\/"},"sameAs":["https:\/\/www.facebook.com\/camptecnologico\/","https:\/\/x.com\/CampTecnologico","https:\/\/www.instagram.com\/camptecnologico\/","https:\/\/www.linkedin.com\/company\/camptecnol-gico","https:\/\/www.youtube.com\/user\/CampTecologico"]}]}},"_links":{"self":[{"href":"https:\/\/camptecnologico.com\/inicio\/wp-json\/wp\/v2\/pages\/15320","targetHints":{"allow":["GET"]}}],"collection":[{"href":"https:\/\/camptecnologico.com\/inicio\/wp-json\/wp\/v2\/pages"}],"about":[{"href":"https:\/\/camptecnologico.com\/inicio\/wp-json\/wp\/v2\/types\/page"}],"author":[{"embeddable":true,"href":"https:\/\/camptecnologico.com\/inicio\/wp-json\/wp\/v2\/users\/21"}],"replies":[{"embeddable":true,"href":"https:\/\/camptecnologico.com\/inicio\/wp-json\/wp\/v2\/comments?post=15320"}],"version-history":[{"count":64,"href":"https:\/\/camptecnologico.com\/inicio\/wp-json\/wp\/v2\/pages\/15320\/revisions"}],"predecessor-version":[{"id":48897,"href":"https:\/\/camptecnologico.com\/inicio\/wp-json\/wp\/v2\/pages\/15320\/revisions\/48897"}],"wp:featuredmedia":[{"embeddable":true,"href":"https:\/\/camptecnologico.com\/inicio\/wp-json\/wp\/v2\/media\/33742"}],"wp:attachment":[{"href":"https:\/\/camptecnologico.com\/inicio\/wp-json\/wp\/v2\/media?parent=15320"}],"curies":[{"name":"wp","href":"https:\/\/api.w.org\/{rel}","templated":true}]}}